{"id":1441,"date":"2024-12-21T22:35:26","date_gmt":"2024-12-21T21:35:26","guid":{"rendered":"https:\/\/gardetanzgruppe.de\/?post_type=tribe_events&#038;p=1441"},"modified":"2025-02-18T08:24:46","modified_gmt":"2025-02-18T07:24:46","slug":"schnuppertraining-2","status":"publish","type":"tribe_events","link":"https:\/\/gardetanzgruppe.de\/?tribe_events=schnuppertraining-2","title":{"rendered":"Tanzpaar beim Karneval in Namibia (Afrika)"},"content":{"rendered":"<p><img loading=\"lazy\" decoding=\"async\" class=\"alignnone size-full wp-image-1473\" src=\"https:\/\/gardetanzgruppe.de\/wp-content\/uploads\/2024\/12\/Windhoek-Termine-2025.jpeg\" alt=\"\" width=\"1130\" height=\"1600\" srcset=\"https:\/\/gardetanzgruppe.de\/wp-content\/uploads\/2024\/12\/Windhoek-Termine-2025.jpeg 1130w, https:\/\/gardetanzgruppe.de\/wp-content\/uploads\/2024\/12\/Windhoek-Termine-2025-212x300.jpeg 212w, https:\/\/gardetanzgruppe.de\/wp-content\/uploads\/2024\/12\/Windhoek-Termine-2025-727x1030.jpeg 727w, https:\/\/gardetanzgruppe.de\/wp-content\/uploads\/2024\/12\/Windhoek-Termine-2025-768x1087.jpeg 768w, https:\/\/gardetanzgruppe.de\/wp-content\/uploads\/2024\/12\/Windhoek-Termine-2025-1085x1536.jpeg 1085w, https:\/\/gardetanzgruppe.de\/wp-content\/uploads\/2024\/12\/Windhoek-Termine-2025-1059x1500.jpeg 1059w, https:\/\/gardetanzgruppe.de\/wp-content\/uploads\/2024\/12\/Windhoek-Termine-2025-498x705.jpeg 498w\" sizes=\"auto, (max-width: 1130px) 100vw, 1130px\" \/><\/p>\n<p><strong>Karneval in Namibia, Afrika ?<\/strong><\/p>\n<p><strong>Unser Tanzpaar ist mit 11 Auftritten dabei !<\/strong><\/p>\n<p>Wer gerne mehr \u00fcber den Karneval in Namibia erfahren m\u00f6chte, kann gerne hier reinh\u00f6ren und mehr dazu erfahren.<br \/>\n(Podcast &#8222;Hitradio Namibia&#8220; zum WIKA Jubil\u00e4um 2024 &#8211; 70 Jahre !)<\/p>\n<p><strong><a href=\"https:\/\/open.spotify.com\/episode\/1lNcKJocVWWd8alHyAliO2\" target=\"_blank\" rel=\"noopener\">&gt;&gt; Podcast \/ Spotify (kostenlos) &lt;&lt;<\/a><br \/>\n<\/strong>(Dauer: 60 Minuten)<\/p>\n","protected":false},"excerpt":{"rendered":"<p>Karneval in Namibia, Afrika ? Unser Tanzpaar ist mit 11 Auftritten dabei ! Wer gerne mehr \u00fcber den Karneval in Namibia erfahren m\u00f6chte, kann gerne hier reinh\u00f6ren und mehr dazu [&hellip;]<\/p>\n","protected":false},"author":1,"featured_media":1449,"template":"","meta":{"_tribe_events_status":"","_tribe_events_status_reason":"","footnotes":""},"tags":[],"tribe_events_cat":[],"class_list":["post-1441","tribe_events","type-tribe_events","status-publish","has-post-thumbnail","hentry"],"publishpress_future_workflow_manual_trigger":{"enabledWorkflows":[]},"_links":{"self":[{"href":"https:\/\/gardetanzgruppe.de\/index.php?rest_route=\/wp\/v2\/tribe_events\/1441","targetHints":{"allow":["GET"]}}],"collection":[{"href":"https:\/\/gardetanzgruppe.de\/index.php?rest_route=\/wp\/v2\/tribe_events"}],"about":[{"href":"https:\/\/gardetanzgruppe.de\/index.php?rest_route=\/wp\/v2\/types\/tribe_events"}],"author":[{"embeddable":true,"href":"https:\/\/gardetanzgruppe.de\/index.php?rest_route=\/wp\/v2\/users\/1"}],"version-history":[{"count":12,"href":"https:\/\/gardetanzgruppe.de\/index.php?rest_route=\/wp\/v2\/tribe_events\/1441\/revisions"}],"predecessor-version":[{"id":1477,"href":"https:\/\/gardetanzgruppe.de\/index.php?rest_route=\/wp\/v2\/tribe_events\/1441\/revisions\/1477"}],"wp:featuredmedia":[{"embeddable":true,"href":"https:\/\/gardetanzgruppe.de\/index.php?rest_route=\/wp\/v2\/media\/1449"}],"wp:attachment":[{"href":"https:\/\/gardetanzgruppe.de\/index.php?rest_route=%2Fwp%2Fv2%2Fmedia&parent=1441"}],"wp:term":[{"taxonomy":"post_tag","embeddable":true,"href":"https:\/\/gardetanzgruppe.de\/index.php?rest_route=%2Fwp%2Fv2%2Ftags&post=1441"},{"taxonomy":"tribe_events_cat","embeddable":true,"href":"https:\/\/gardetanzgruppe.de\/index.php?rest_route=%2Fwp%2Fv2%2Ftribe_events_cat&post=1441"}],"curies":[{"name":"wp","href":"https:\/\/api.w.org\/{rel}","templated":true}]}}